{"id":501,"date":"2025-10-03T01:38:33","date_gmt":"2025-10-03T01:38:33","guid":{"rendered":"https:\/\/psicologopaulodesigne.com.br\/?page_id=501"},"modified":"2025-10-03T01:56:03","modified_gmt":"2025-10-03T01:56:03","slug":"cursos-in-company","status":"publish","type":"page","link":"https:\/\/psicologopaulodesigne.com.br\/index.php\/cursos-in-company\/","title":{"rendered":"Cursos &#8220;In Company&#8221;"},"content":{"rendered":"\n<div class=\"wp-block-group alignfull has-accent-2-background-color has-background has-global-padding is-layout-constrained wp-container-core-group-is-layout-669513ed wp-block-group-is-layout-constrained\" style=\"margin-top:0;margin-bottom:0;padding-top:var(--wp--preset--spacing--50);padding-right:var(--wp--preset--spacing--50);padding-bottom:var(--wp--preset--spacing--50);padding-left:var(--wp--preset--spacing--50)\">\n<div class=\"wp-block-columns alignwide is-layout-flex wp-container-core-columns-is-layout-28f84493 wp-block-columns-is-layout-flex\">\n<div class=\"wp-block-column is-layout-flow wp-block-column-is-layout-flow\" style=\"flex-basis:60%\">\n<p class=\"has-text-align-left has-heading-font-family has-x-large-font-size\" style=\"line-height:1.2\">Treinamentos para Empresas e Programas de Bem-Estar<\/p>\n<\/div>\n<\/div>\n\n\n\n<div style=\"height:var(--wp--preset--spacing--40)\" aria-hidden=\"true\" class=\"wp-block-spacer\"><\/div>\n\n\n\n<figure class=\"wp-block-image alignwide size-large is-style-rounded is-style-rounded--1\"><img loading=\"lazy\" decoding=\"async\" width=\"2000\" height=\"963\" src=\"https:\/\/psicologopaulodesigne.com.br\/wp-content\/uploads\/2025\/10\/hotel-facade.webp\" alt=\"Hyatt Regency San Francisco, S\u00e3o Francisco, Estados Unidos\" class=\"wp-image-502\" srcset=\"https:\/\/psicologopaulodesigne.com.br\/wp-content\/uploads\/2025\/10\/hotel-facade.webp 2000w, https:\/\/psicologopaulodesigne.com.br\/wp-content\/uploads\/2025\/10\/hotel-facade-300x144.webp 300w, https:\/\/psicologopaulodesigne.com.br\/wp-content\/uploads\/2025\/10\/hotel-facade-1024x493.webp 1024w, https:\/\/psicologopaulodesigne.com.br\/wp-content\/uploads\/2025\/10\/hotel-facade-768x370.webp 768w, https:\/\/psicologopaulodesigne.com.br\/wp-content\/uploads\/2025\/10\/hotel-facade-1536x740.webp 1536w\" sizes=\"auto, (max-width: 2000px) 100vw, 2000px\" \/><\/figure>\n<\/div>\n\n\n\n<div class=\"wp-block-group alignfull has-base-background-color has-background has-global-padding is-layout-constrained wp-container-core-group-is-layout-d89aad35 wp-block-group-is-layout-constrained\" style=\"margin-top:0;margin-bottom:0;padding-top:var(--wp--preset--spacing--50);padding-right:var(--wp--preset--spacing--50);padding-bottom:var(--wp--preset--spacing--50);padding-left:var(--wp--preset--spacing--50)\">\n<div class=\"wp-block-columns alignwide is-layout-flex wp-container-core-columns-is-layout-549b0c86 wp-block-columns-is-layout-flex\">\n<div class=\"wp-block-column has-global-padding is-content-justification-left is-layout-constrained wp-container-core-column-is-layout-4f15e8fe wp-block-column-is-layout-constrained\" style=\"flex-basis:40%\">\n<p>Treinamentos personalizados para sua empresa.<\/p>\n<\/div>\n\n\n\n<div class=\"wp-block-column is-layout-flow wp-container-core-column-is-layout-119bc444 wp-block-column-is-layout-flow\" style=\"flex-basis:60%\">\n<p class=\"has-heading-font-family has-x-large-font-size\" style=\"line-height:1.2\">Oferecemos solu\u00e7\u00f5es completas para o desenvolvimento humano dentro das organiza\u00e7\u00f5es, unindo&nbsp;<strong>treinamentos personalizados<\/strong>,&nbsp;<strong>programas de sa\u00fade mental<\/strong>&nbsp;e&nbsp;<strong>conformidade com a NR-1<\/strong>. <br><br>Nosso objetivo \u00e9 apoiar empresas na constru\u00e7\u00e3o de ambientes de trabalho mais saud\u00e1veis, colaborativos e produtivos.<\/p>\n\n\n\n<div class=\"wp-block-columns is-layout-flex wp-container-core-columns-is-layout-87beb0d0 wp-block-columns-is-layout-flex\">\n<div class=\"wp-block-column is-layout-flow wp-block-column-is-layout-flow\">\n<p class=\"wp-container-content-9cfa9a5a\"><strong>Nossos Servi\u00e7os<\/strong><\/p>\n\n\n\n<ul class=\"wp-block-list\">\n<li><strong>Treinamentos Personalizados e Conformidade com a NR-1<\/strong><br>Programas de capacita\u00e7\u00e3o adaptados \u00e0s necessidades de cada empresa, garantindo conformidade legal com a Norma Regulamentadora 1 e foco na seguran\u00e7a e sa\u00fade ocupacional.<\/li>\n<\/ul>\n\n\n\n<ul class=\"wp-block-list\">\n<li><strong>Desenvolvimento de Equipes<\/strong><br>Treinamentos voltados para comunica\u00e7\u00e3o assertiva, lideran\u00e7a, colabora\u00e7\u00e3o e resolu\u00e7\u00e3o de conflitos, fortalecendo o engajamento e a coes\u00e3o dos times.<\/li>\n<\/ul>\n\n\n\n<ul class=\"wp-block-list\">\n<li><strong>Programas de Sa\u00fade Mental no Ambiente Corporativo<\/strong><br>Palestras, workshops e iniciativas cont\u00ednuas que promovem o equil\u00edbrio emocional, redu\u00e7\u00e3o do estresse e aumento da qualidade de vida no trabalho.<\/li>\n<\/ul>\n<\/div>\n\n\n\n<div class=\"wp-block-column is-layout-flow wp-block-column-is-layout-flow\">\n<p><strong>Benef\u00edcios para sua Empresa<\/strong><\/p>\n\n\n\n<ul class=\"wp-block-list\">\n<li>Conformidade legal em treinamentos obrigat\u00f3rios<\/li>\n<\/ul>\n\n\n\n<ul class=\"wp-block-list\">\n<li>Sa\u00fade mental fortalecida entre colaboradores<\/li>\n<\/ul>\n\n\n\n<ul class=\"wp-block-list\">\n<li>Aumento do engajamento e da produtividade<\/li>\n<\/ul>\n\n\n\n<ul class=\"wp-block-list\">\n<li>Ambiente de trabalho mais positivo e colaborativo<\/li>\n<\/ul>\n\n\n\n<ul class=\"wp-block-list\">\n<li>Redu\u00e7\u00e3o de absente\u00edsmo e rotatividade<\/li>\n<\/ul>\n<\/div>\n<\/div>\n<\/div>\n<\/div>\n<\/div>\n\n\n\n<div class=\"wp-block-cover alignfull is-light has-parallax\" style=\"padding-top:var(--wp--preset--spacing--50);padding-right:var(--wp--preset--spacing--50);padding-bottom:var(--wp--preset--spacing--50);padding-left:var(--wp--preset--spacing--50);min-height:100vh;aspect-ratio:unset;\"><div class=\"wp-block-cover__image-background wp-image-503 has-parallax\" style=\"background-position:50% 50%;background-image:url(https:\/\/psicologopaulodesigne.com.br\/wp-content\/uploads\/2025\/10\/art-gallery.webp)\"><\/div><span aria-hidden=\"true\" class=\"wp-block-cover__background has-base-background-color has-background-dim-0 has-background-dim\"><\/span><div class=\"wp-block-cover__inner-container has-global-padding is-layout-constrained wp-container-core-cover-is-layout-e4fd886c wp-block-cover-is-layout-constrained\">\n<div style=\"height:500px\" aria-hidden=\"true\" class=\"wp-block-spacer\"><\/div>\n<\/div><\/div>\n\n\n\n<div class=\"wp-block-group alignfull has-base-2-background-color has-background has-global-padding is-layout-constrained wp-container-core-group-is-layout-7cd14b77 wp-block-group-is-layout-constrained\" style=\"margin-top:0;margin-bottom:0;padding-top:var(--wp--preset--spacing--60);padding-right:var(--wp--preset--spacing--60);padding-bottom:var(--wp--preset--spacing--60);padding-left:var(--wp--preset--spacing--60)\">\n<div class=\"wp-block-group alignwide is-layout-flow wp-block-group-is-layout-flow\">\n<div style=\"height:var(--wp--preset--spacing--50)\" aria-hidden=\"true\" class=\"wp-block-spacer\"><\/div>\n\n\n\n<p class=\"has-text-align-center has-heading-font-family has-x-large-font-size\" style=\"font-style:normal;font-weight:400;line-height:1.2\">Se voc\u00ea busca um\u00a0<strong>profissional experiente, com s\u00f3lida trajet\u00f3ria em psicologia e desenvolvimento humano<\/strong>, <strong><mark style=\"background-color:rgba(0, 0, 0, 0)\" class=\"has-inline-color has-contrast-color\">e grande experi\u00eancia em consultoria e treinamento em empresas pequenas, m\u00e9dias, grandes e multinacionais<\/mark><\/strong>, estarei ao seu lado para promover evolu\u00e7\u00e3o, sa\u00fade mental e melhores resultados para sua empresa.<\/p>\n\n\n\n<div style=\"height:var(--wp--preset--spacing--50)\" aria-hidden=\"true\" class=\"wp-block-spacer\"><\/div>\n<\/div>\n<\/div>\n\n\n\n<div class=\"wp-block-group alignfull has-base-2-color has-contrast-background-color has-text-color has-background has-link-color wp-elements-66fe5ca1fb0a7cd61e8feac2d3bae003 has-global-padding is-layout-constrained wp-container-core-group-is-layout-facafb6f wp-block-group-is-layout-constrained\" style=\"margin-top:0;margin-bottom:0;padding-top:var(--wp--preset--spacing--50);padding-right:var(--wp--preset--spacing--50);padding-bottom:var(--wp--preset--spacing--50);padding-left:var(--wp--preset--spacing--50)\">\n<div class=\"wp-block-columns alignwide is-layout-flex wp-container-core-columns-is-layout-d1c656ed wp-block-columns-is-layout-flex\">\n<div class=\"wp-block-column is-vertically-aligned-stretch is-layout-flow wp-block-column-is-layout-flow\" style=\"padding-right:0;flex-basis:60%\">\n<div class=\"wp-block-group is-vertical is-content-justification-stretch is-layout-flex wp-container-core-group-is-layout-ae24f51d wp-block-group-is-layout-flex\" style=\"min-height:100%\">\n<p class=\"has-medium-font-size\">Sobre o Psic\u00f3logo Paulo Designe<\/p>\n\n\n\n<p>Sou\u00a0<strong>Psic\u00f3logo<\/strong>\u00a0(CRP),\u00a0<strong>p\u00f3s-graduado em Terapia Cognitivo-Comportamental pela USCS<\/strong>\u00a0e profissional com extensa experi\u00eancia no desenvolvimento humano, tanto em contextos cl\u00ednicos quanto corporativos.<\/p>\n\n\n\n<p>Minha forma\u00e7\u00e3o \u00e9 complementada por um&nbsp;<strong>background em Administra\u00e7\u00e3o de Empresas e Marketing pela ESPM<\/strong>, o que me permite unir a vis\u00e3o psicol\u00f3gica ao entendimento estrat\u00e9gico das necessidades empresariais.<\/p>\n\n\n\n<p><\/p>\n\n\n\n<h2 class=\"wp-block-heading\">Minha Experi\u00eancia Profissional<\/h2>\n\n\n\n<p class=\"has-medium-font-size\">Experi\u00eancia em&nbsp;<strong>treinamentos corporativos voltados \u00e0 NR-1<\/strong>, apoiando empresas no cumprimento da legisla\u00e7\u00e3o e na promo\u00e7\u00e3o de sa\u00fade mental.<\/p>\n\n\n\n<p><strong>Especialista em recoloca\u00e7\u00e3o profissional (Outplacement)<\/strong>&nbsp;pela Catho;<\/p>\n\n\n\n<p>Atua\u00e7\u00e3o em&nbsp;<strong>treinamentos empresariais e programas de desenvolvimento<\/strong>&nbsp;em multinacionais como a Nestl\u00e9;<\/p>\n\n\n\n<p><strong>Ministrante de cursos e palestras<\/strong>&nbsp;em empresas e institui\u00e7\u00f5es de ensino;<\/p>\n\n\n\n<p>Participa\u00e7\u00e3o ativa em&nbsp;<strong>congressos da ABOP (ASSOCIA\u00c7\u00c3O BRASILEIRA DE ORIENTA\u00c7\u00c3O PROFISSIONAL) e outros eventos cient\u00edficos<\/strong>, garantindo constante atualiza\u00e7\u00e3o.<\/p>\n<\/div>\n<\/div>\n\n\n\n<div class=\"wp-block-column is-layout-flow wp-block-column-is-layout-flow\" style=\"flex-basis:40%\">\n<div class=\"wp-block-group has-global-padding is-layout-constrained wp-block-group-is-layout-constrained\">\n<p class=\"has-large-font-size\" style=\"font-style:normal;font-weight:500;line-height:1.2\">Meu Compromisso<\/p>\n\n\n\n<div class=\"wp-block-group is-layout-flow wp-block-group-is-layout-flow\">\n<p class=\"has-medium-font-size\">Acredito que o sucesso de uma organiza\u00e7\u00e3o est\u00e1 diretamente ligado ao bem-estar de seus colaboradores. Por isso, ofere\u00e7o&nbsp;<strong>treinamentos sob medida<\/strong>&nbsp;e pr\u00e1ticas fundamentadas em abordagens comprovadas, como a&nbsp;<strong>Terapia Cognitivo-Comportamental (TCC)<\/strong>, para transformar positivamente pessoas e equipes.<\/p>\n<\/div>\n<\/div>\n<\/div>\n<\/div>\n<\/div>\n\n\n\n<p>Cuide da sa\u00fade mental e do engajamento da sua equipe com treinamentos sob medida.<br><br>Agende agora um treinamento&nbsp;<em>In Company<\/em>&nbsp;para sua empresa e fortale\u00e7a o bem-estar e a produtividade da sua equipe.<br><br>Fale comigo pelo WhatsApp ou por e-mail:&nbsp;<\/p>\n\n\n\n<p><a href=\"http:\/\/wa.me\/5511999179048\">+55 11 99917-9048<\/a><\/p>\n\n\n\n<p><a href=\"mailto:psicologopaulodesigne@gmail.com\">psicologopaulodesigne@gmail.com<\/a><\/p>\n","protected":false},"excerpt":{"rendered":"<p>Treinamentos para Empresas e Programas de Bem-Estar Treinamentos personalizados para sua empresa. Oferecemos solu\u00e7\u00f5es completas para o desenvolvimento humano dentro das organiza\u00e7\u00f5es, unindo&nbsp;treinamentos personalizados,&nbsp;programas de sa\u00fade mental&nbsp;e&nbsp;conformidade com a NR-1. Nosso objetivo \u00e9 apoiar empresas na constru\u00e7\u00e3o de ambientes de trabalho mais saud\u00e1veis, colaborativos e produtivos. Nossos Servi\u00e7os Benef\u00edcios para sua Empresa Se voc\u00ea busca [&hellip;]<\/p>\n","protected":false},"author":1,"featured_media":0,"parent":0,"menu_order":0,"comment_status":"closed","ping_status":"closed","template":"","meta":{"footnotes":""},"class_list":["post-501","page","type-page","status-publish","hentry"],"_links":{"self":[{"href":"https:\/\/psicologopaulodesigne.com.br\/index.php\/wp-json\/wp\/v2\/pages\/501","targetHints":{"allow":["GET"]}}],"collection":[{"href":"https:\/\/psicologopaulodesigne.com.br\/index.php\/wp-json\/wp\/v2\/pages"}],"about":[{"href":"https:\/\/psicologopaulodesigne.com.br\/index.php\/wp-json\/wp\/v2\/types\/page"}],"author":[{"embeddable":true,"href":"https:\/\/psicologopaulodesigne.com.br\/index.php\/wp-json\/wp\/v2\/users\/1"}],"replies":[{"embeddable":true,"href":"https:\/\/psicologopaulodesigne.com.br\/index.php\/wp-json\/wp\/v2\/comments?post=501"}],"version-history":[{"count":6,"href":"https:\/\/psicologopaulodesigne.com.br\/index.php\/wp-json\/wp\/v2\/pages\/501\/revisions"}],"predecessor-version":[{"id":517,"href":"https:\/\/psicologopaulodesigne.com.br\/index.php\/wp-json\/wp\/v2\/pages\/501\/revisions\/517"}],"wp:attachment":[{"href":"https:\/\/psicologopaulodesigne.com.br\/index.php\/wp-json\/wp\/v2\/media?parent=501"}],"curies":[{"name":"wp","href":"https:\/\/api.w.org\/{rel}","templated":true}]}}